{"id":74615,"date":"2016-03-17T15:32:16","date_gmt":"2016-03-17T15:32:16","guid":{"rendered":"https:\/\/iporto.amp.pt\/eventos\/conferencia-201cportugal-e-a-grande-guerra-2013-uma-visao-geral201d-e-apresentacao-do-livro-201cmocambique-na-i-guerra-mundial-diario-de-um-alferes-medico-joaquim-alves-correia-de-araujo-1917-191820-2\/"},"modified":"2023-10-12T14:49:45","modified_gmt":"2023-10-12T14:49:45","slug":"conferencia-201cportugal-e-a-grande-guerra-2013-uma-visao-geral201d-e-apresentacao-do-livro-201cmocambique-na-i-guerra-mundial-diario-de-um-alferes-medico-joaquim-alves-correia-de-araujo-1917-1918201","status":"publish","type":"event","link":"https:\/\/iporto.amp.pt\/en\/eventos\/conferencia-201cportugal-e-a-grande-guerra-2013-uma-visao-geral201d-e-apresentacao-do-livro-201cmocambique-na-i-guerra-mundial-diario-de-um-alferes-medico-joaquim-alves-correia-de-araujo-1917-1918201\/","title":{"rendered":"Confer\u00eancia \u201cPortugal e a Grande Guerra \u2013 uma vis\u00e3o geral\u201d e Apresenta\u00e7\u00e3o do livro \u201cMo\u00e7ambique na I Guerra Mundial. Di\u00e1rio de um alferes-m\u00e9dico &#8211; Joaquim Alves Correia de Ara\u00fajo &#8211; 1917-1918\u201d de Teresa Ara\u00fajo"},"content":{"rendered":"","protected":false},"excerpt":{"rendered":"","protected":false},"author":29,"featured_media":197033,"template":"","categories":[32],"counties":[41],"yoast_head":"<!-- This site is optimized with the Yoast SEO plugin v24.1 - https:\/\/yoast.com\/wordpress\/plugins\/seo\/ -->\n<title>Confer\u00eancia \u201cPortugal e a Grande Guerra \u2013 uma vis\u00e3o geral\u201d e Apresenta\u00e7\u00e3o do livro \u201cMo\u00e7ambique na I Guerra Mundial. Di\u00e1rio de um alferes-m\u00e9dico - Joaquim Alves Correia de Ara\u00fajo - 1917-1918\u201d de Teresa Ara\u00fajo - iPorto<\/title>\n<meta name=\"robots\" content=\"index, follow, max-snippet:-1, max-image-preview:large, max-video-preview:-1\" \/>\n<link rel=\"canonical\" href=\"https:\/\/iporto.amp.pt\/en\/eventos\/conferencia-201cportugal-e-a-grande-guerra-2013-uma-visao-geral201d-e-apresentacao-do-livro-201cmocambique-na-i-guerra-mundial-diario-de-um-alferes-medico-joaquim-alves-correia-de-araujo-1917-1918201\/\" \/>\n<meta property=\"og:locale\" content=\"en_US\" \/>\n<meta property=\"og:type\" content=\"article\" \/>\n<meta property=\"og:title\" content=\"Confer\u00eancia \u201cPortugal e a Grande Guerra \u2013 uma vis\u00e3o geral\u201d e Apresenta\u00e7\u00e3o do livro \u201cMo\u00e7ambique na I Guerra Mundial. Di\u00e1rio de um alferes-m\u00e9dico - Joaquim Alves Correia de Ara\u00fajo - 1917-1918\u201d de Teresa Ara\u00fajo - iPorto\" \/>\n<meta property=\"og:url\" content=\"https:\/\/iporto.amp.pt\/en\/eventos\/conferencia-201cportugal-e-a-grande-guerra-2013-uma-visao-geral201d-e-apresentacao-do-livro-201cmocambique-na-i-guerra-mundial-diario-de-um-alferes-medico-joaquim-alves-correia-de-araujo-1917-1918201\/\" \/>\n<meta property=\"og:site_name\" content=\"iPorto\" \/>\n<meta property=\"article:modified_time\" content=\"2023-10-12T14:49:45+00:00\" \/>\n<meta property=\"og:image\" content=\"https:\/\/iporto.amp.pt\/content\/uploads\/2023\/07\/74611_mo\u00e7ambique%20na%201guerra%20mundial.jpg\" \/>\n\t<meta property=\"og:image:width\" content=\"440\" \/>\n\t<meta property=\"og:image:height\" content=\"616\" \/>\n\t<meta property=\"og:image:type\" content=\"image\/jpeg\" \/>\n<meta name=\"twitter:card\" content=\"summary_large_image\" \/>\n<script type=\"application\/ld+json\" class=\"yoast-schema-graph\">{\"@context\":\"https:\/\/schema.org\",\"@graph\":[{\"@type\":\"WebPage\",\"@id\":\"https:\/\/iporto.amp.pt\/en\/eventos\/conferencia-201cportugal-e-a-grande-guerra-2013-uma-visao-geral201d-e-apresentacao-do-livro-201cmocambique-na-i-guerra-mundial-diario-de-um-alferes-medico-joaquim-alves-correia-de-araujo-1917-1918201\/\",\"url\":\"https:\/\/iporto.amp.pt\/en\/eventos\/conferencia-201cportugal-e-a-grande-guerra-2013-uma-visao-geral201d-e-apresentacao-do-livro-201cmocambique-na-i-guerra-mundial-diario-de-um-alferes-medico-joaquim-alves-correia-de-araujo-1917-1918201\/\",\"name\":\"Confer\u00eancia \u201cPortugal e a Grande Guerra \u2013 uma vis\u00e3o geral\u201d e Apresenta\u00e7\u00e3o do livro \u201cMo\u00e7ambique na I Guerra Mundial. Di\u00e1rio de um alferes-m\u00e9dico - Joaquim Alves Correia de Ara\u00fajo - 1917-1918\u201d de Teresa Ara\u00fajo - iPorto\",\"isPartOf\":{\"@id\":\"https:\/\/iporto.amp.pt\/en\/#website\"},\"primaryImageOfPage\":{\"@id\":\"https:\/\/iporto.amp.pt\/en\/eventos\/conferencia-201cportugal-e-a-grande-guerra-2013-uma-visao-geral201d-e-apresentacao-do-livro-201cmocambique-na-i-guerra-mundial-diario-de-um-alferes-medico-joaquim-alves-correia-de-araujo-1917-1918201\/#primaryimage\"},\"image\":{\"@id\":\"https:\/\/iporto.amp.pt\/en\/eventos\/conferencia-201cportugal-e-a-grande-guerra-2013-uma-visao-geral201d-e-apresentacao-do-livro-201cmocambique-na-i-guerra-mundial-diario-de-um-alferes-medico-joaquim-alves-correia-de-araujo-1917-1918201\/#primaryimage\"},\"thumbnailUrl\":\"\/content\/uploads\/2023\/07\/74611_mo\u00e7ambique na 1guerra mundial.jpg\",\"datePublished\":\"2016-03-17T15:32:16+00:00\",\"dateModified\":\"2023-10-12T14:49:45+00:00\",\"breadcrumb\":{\"@id\":\"https:\/\/iporto.amp.pt\/en\/eventos\/conferencia-201cportugal-e-a-grande-guerra-2013-uma-visao-geral201d-e-apresentacao-do-livro-201cmocambique-na-i-guerra-mundial-diario-de-um-alferes-medico-joaquim-alves-correia-de-araujo-1917-1918201\/#breadcrumb\"},\"inLanguage\":\"en-US\",\"potentialAction\":[{\"@type\":\"ReadAction\",\"target\":[\"https:\/\/iporto.amp.pt\/en\/eventos\/conferencia-201cportugal-e-a-grande-guerra-2013-uma-visao-geral201d-e-apresentacao-do-livro-201cmocambique-na-i-guerra-mundial-diario-de-um-alferes-medico-joaquim-alves-correia-de-araujo-1917-1918201\/\"]}]},{\"@type\":\"ImageObject\",\"inLanguage\":\"en-US\",\"@id\":\"https:\/\/iporto.amp.pt\/en\/eventos\/conferencia-201cportugal-e-a-grande-guerra-2013-uma-visao-geral201d-e-apresentacao-do-livro-201cmocambique-na-i-guerra-mundial-diario-de-um-alferes-medico-joaquim-alves-correia-de-araujo-1917-1918201\/#primaryimage\",\"url\":\"\/content\/uploads\/2023\/07\/74611_mo\u00e7ambique na 1guerra mundial.jpg\",\"contentUrl\":\"\/content\/uploads\/2023\/07\/74611_mo\u00e7ambique na 1guerra mundial.jpg\",\"width\":440,\"height\":616},{\"@type\":\"BreadcrumbList\",\"@id\":\"https:\/\/iporto.amp.pt\/en\/eventos\/conferencia-201cportugal-e-a-grande-guerra-2013-uma-visao-geral201d-e-apresentacao-do-livro-201cmocambique-na-i-guerra-mundial-diario-de-um-alferes-medico-joaquim-alves-correia-de-araujo-1917-1918201\/#breadcrumb\",\"itemListElement\":[{\"@type\":\"ListItem\",\"position\":1,\"name\":\"Home\",\"item\":\"https:\/\/iporto.amp.pt\/en\/\"},{\"@type\":\"ListItem\",\"position\":2,\"name\":\"Eventos\",\"item\":\"https:\/\/iporto.amp.pt\/en\/eventos\/\"},{\"@type\":\"ListItem\",\"position\":3,\"name\":\"Confer\u00eancia \u201cPortugal e a Grande Guerra \u2013 uma vis\u00e3o geral\u201d e Apresenta\u00e7\u00e3o do livro \u201cMo\u00e7ambique na I Guerra Mundial. Di\u00e1rio de um alferes-m\u00e9dico &#8211; Joaquim Alves Correia de Ara\u00fajo &#8211; 1917-1918\u201d de Teresa Ara\u00fajo\"}]},{\"@type\":\"WebSite\",\"@id\":\"https:\/\/iporto.amp.pt\/en\/#website\",\"url\":\"https:\/\/iporto.amp.pt\/en\/\",\"name\":\"iPorto\",\"description\":\"Agenda metropolitana da cultura\",\"publisher\":{\"@id\":\"https:\/\/iporto.amp.pt\/en\/#organization\"},\"potentialAction\":[{\"@type\":\"SearchAction\",\"target\":{\"@type\":\"EntryPoint\",\"urlTemplate\":\"https:\/\/iporto.amp.pt\/en\/?s={search_term_string}\"},\"query-input\":{\"@type\":\"PropertyValueSpecification\",\"valueRequired\":true,\"valueName\":\"search_term_string\"}}],\"inLanguage\":\"en-US\"},{\"@type\":\"Organization\",\"@id\":\"https:\/\/iporto.amp.pt\/en\/#organization\",\"name\":\"iPorto\",\"url\":\"https:\/\/iporto.amp.pt\/en\/\",\"logo\":{\"@type\":\"ImageObject\",\"inLanguage\":\"en-US\",\"@id\":\"https:\/\/iporto.amp.pt\/en\/#\/schema\/logo\/image\/\",\"url\":\"\/content\/uploads\/2023\/07\/IPorto-generic-.png\",\"contentUrl\":\"\/content\/uploads\/2023\/07\/IPorto-generic-.png\",\"width\":1000,\"height\":629,\"caption\":\"iPorto\"},\"image\":{\"@id\":\"https:\/\/iporto.amp.pt\/en\/#\/schema\/logo\/image\/\"}}]}<\/script>\n<!-- \/ Yoast SEO plugin. -->","yoast_head_json":{"title":"Confer\u00eancia \u201cPortugal e a Grande Guerra \u2013 uma vis\u00e3o geral\u201d e Apresenta\u00e7\u00e3o do livro \u201cMo\u00e7ambique na I Guerra Mundial. Di\u00e1rio de um alferes-m\u00e9dico - Joaquim Alves Correia de Ara\u00fajo - 1917-1918\u201d de Teresa Ara\u00fajo - iPorto","robots":{"index":"index","follow":"follow","max-snippet":"max-snippet:-1","max-image-preview":"max-image-preview:large","max-video-preview":"max-video-preview:-1"},"canonical":"https:\/\/iporto.amp.pt\/en\/eventos\/conferencia-201cportugal-e-a-grande-guerra-2013-uma-visao-geral201d-e-apresentacao-do-livro-201cmocambique-na-i-guerra-mundial-diario-de-um-alferes-medico-joaquim-alves-correia-de-araujo-1917-1918201\/","og_locale":"en_US","og_type":"article","og_title":"Confer\u00eancia \u201cPortugal e a Grande Guerra \u2013 uma vis\u00e3o geral\u201d e Apresenta\u00e7\u00e3o do livro \u201cMo\u00e7ambique na I Guerra Mundial. Di\u00e1rio de um alferes-m\u00e9dico - Joaquim Alves Correia de Ara\u00fajo - 1917-1918\u201d de Teresa Ara\u00fajo - iPorto","og_url":"https:\/\/iporto.amp.pt\/en\/eventos\/conferencia-201cportugal-e-a-grande-guerra-2013-uma-visao-geral201d-e-apresentacao-do-livro-201cmocambique-na-i-guerra-mundial-diario-de-um-alferes-medico-joaquim-alves-correia-de-araujo-1917-1918201\/","og_site_name":"iPorto","article_modified_time":"2023-10-12T14:49:45+00:00","og_image":[{"width":440,"height":616,"url":"https:\/\/iporto.amp.pt\/content\/uploads\/2023\/07\/74611_mo\u00e7ambique na 1guerra mundial.jpg","type":"image\/jpeg"}],"twitter_card":"summary_large_image","schema":{"@context":"https:\/\/schema.org","@graph":[{"@type":"WebPage","@id":"https:\/\/iporto.amp.pt\/en\/eventos\/conferencia-201cportugal-e-a-grande-guerra-2013-uma-visao-geral201d-e-apresentacao-do-livro-201cmocambique-na-i-guerra-mundial-diario-de-um-alferes-medico-joaquim-alves-correia-de-araujo-1917-1918201\/","url":"https:\/\/iporto.amp.pt\/en\/eventos\/conferencia-201cportugal-e-a-grande-guerra-2013-uma-visao-geral201d-e-apresentacao-do-livro-201cmocambique-na-i-guerra-mundial-diario-de-um-alferes-medico-joaquim-alves-correia-de-araujo-1917-1918201\/","name":"Confer\u00eancia \u201cPortugal e a Grande Guerra \u2013 uma vis\u00e3o geral\u201d e Apresenta\u00e7\u00e3o do livro \u201cMo\u00e7ambique na I Guerra Mundial. Di\u00e1rio de um alferes-m\u00e9dico - Joaquim Alves Correia de Ara\u00fajo - 1917-1918\u201d de Teresa Ara\u00fajo - iPorto","isPartOf":{"@id":"https:\/\/iporto.amp.pt\/en\/#website"},"primaryImageOfPage":{"@id":"https:\/\/iporto.amp.pt\/en\/eventos\/conferencia-201cportugal-e-a-grande-guerra-2013-uma-visao-geral201d-e-apresentacao-do-livro-201cmocambique-na-i-guerra-mundial-diario-de-um-alferes-medico-joaquim-alves-correia-de-araujo-1917-1918201\/#primaryimage"},"image":{"@id":"https:\/\/iporto.amp.pt\/en\/eventos\/conferencia-201cportugal-e-a-grande-guerra-2013-uma-visao-geral201d-e-apresentacao-do-livro-201cmocambique-na-i-guerra-mundial-diario-de-um-alferes-medico-joaquim-alves-correia-de-araujo-1917-1918201\/#primaryimage"},"thumbnailUrl":"\/content\/uploads\/2023\/07\/74611_mo\u00e7ambique na 1guerra mundial.jpg","datePublished":"2016-03-17T15:32:16+00:00","dateModified":"2023-10-12T14:49:45+00:00","breadcrumb":{"@id":"https:\/\/iporto.amp.pt\/en\/eventos\/conferencia-201cportugal-e-a-grande-guerra-2013-uma-visao-geral201d-e-apresentacao-do-livro-201cmocambique-na-i-guerra-mundial-diario-de-um-alferes-medico-joaquim-alves-correia-de-araujo-1917-1918201\/#breadcrumb"},"inLanguage":"en-US","potentialAction":[{"@type":"ReadAction","target":["https:\/\/iporto.amp.pt\/en\/eventos\/conferencia-201cportugal-e-a-grande-guerra-2013-uma-visao-geral201d-e-apresentacao-do-livro-201cmocambique-na-i-guerra-mundial-diario-de-um-alferes-medico-joaquim-alves-correia-de-araujo-1917-1918201\/"]}]},{"@type":"ImageObject","inLanguage":"en-US","@id":"https:\/\/iporto.amp.pt\/en\/eventos\/conferencia-201cportugal-e-a-grande-guerra-2013-uma-visao-geral201d-e-apresentacao-do-livro-201cmocambique-na-i-guerra-mundial-diario-de-um-alferes-medico-joaquim-alves-correia-de-araujo-1917-1918201\/#primaryimage","url":"\/content\/uploads\/2023\/07\/74611_mo\u00e7ambique na 1guerra mundial.jpg","contentUrl":"\/content\/uploads\/2023\/07\/74611_mo\u00e7ambique na 1guerra mundial.jpg","width":440,"height":616},{"@type":"BreadcrumbList","@id":"https:\/\/iporto.amp.pt\/en\/eventos\/conferencia-201cportugal-e-a-grande-guerra-2013-uma-visao-geral201d-e-apresentacao-do-livro-201cmocambique-na-i-guerra-mundial-diario-de-um-alferes-medico-joaquim-alves-correia-de-araujo-1917-1918201\/#breadcrumb","itemListElement":[{"@type":"ListItem","position":1,"name":"Home","item":"https:\/\/iporto.amp.pt\/en\/"},{"@type":"ListItem","position":2,"name":"Eventos","item":"https:\/\/iporto.amp.pt\/en\/eventos\/"},{"@type":"ListItem","position":3,"name":"Confer\u00eancia \u201cPortugal e a Grande Guerra \u2013 uma vis\u00e3o geral\u201d e Apresenta\u00e7\u00e3o do livro \u201cMo\u00e7ambique na I Guerra Mundial. Di\u00e1rio de um alferes-m\u00e9dico &#8211; Joaquim Alves Correia de Ara\u00fajo &#8211; 1917-1918\u201d de Teresa Ara\u00fajo"}]},{"@type":"WebSite","@id":"https:\/\/iporto.amp.pt\/en\/#website","url":"https:\/\/iporto.amp.pt\/en\/","name":"iPorto","description":"Agenda metropolitana da cultura","publisher":{"@id":"https:\/\/iporto.amp.pt\/en\/#organization"},"potentialAction":[{"@type":"SearchAction","target":{"@type":"EntryPoint","urlTemplate":"https:\/\/iporto.amp.pt\/en\/?s={search_term_string}"},"query-input":{"@type":"PropertyValueSpecification","valueRequired":true,"valueName":"search_term_string"}}],"inLanguage":"en-US"},{"@type":"Organization","@id":"https:\/\/iporto.amp.pt\/en\/#organization","name":"iPorto","url":"https:\/\/iporto.amp.pt\/en\/","logo":{"@type":"ImageObject","inLanguage":"en-US","@id":"https:\/\/iporto.amp.pt\/en\/#\/schema\/logo\/image\/","url":"\/content\/uploads\/2023\/07\/IPorto-generic-.png","contentUrl":"\/content\/uploads\/2023\/07\/IPorto-generic-.png","width":1000,"height":629,"caption":"iPorto"},"image":{"@id":"https:\/\/iporto.amp.pt\/en\/#\/schema\/logo\/image\/"}}]}},"_links":{"self":[{"href":"https:\/\/iporto.amp.pt\/en\/wp-json\/wp\/v2\/event\/74615"}],"collection":[{"href":"https:\/\/iporto.amp.pt\/en\/wp-json\/wp\/v2\/event"}],"about":[{"href":"https:\/\/iporto.amp.pt\/en\/wp-json\/wp\/v2\/types\/event"}],"author":[{"embeddable":true,"href":"https:\/\/iporto.amp.pt\/en\/wp-json\/wp\/v2\/users\/29"}],"version-history":[{"count":1,"href":"https:\/\/iporto.amp.pt\/en\/wp-json\/wp\/v2\/event\/74615\/revisions"}],"predecessor-version":[{"id":74616,"href":"https:\/\/iporto.amp.pt\/en\/wp-json\/wp\/v2\/event\/74615\/revisions\/74616"}],"wp:featuredmedia":[{"embeddable":true,"href":"https:\/\/iporto.amp.pt\/en\/wp-json\/wp\/v2\/media\/197033"}],"wp:attachment":[{"href":"https:\/\/iporto.amp.pt\/en\/wp-json\/wp\/v2\/media?parent=74615"}],"wp:term":[{"taxonomy":"category","embeddable":true,"href":"https:\/\/iporto.amp.pt\/en\/wp-json\/wp\/v2\/categories?post=74615"},{"taxonomy":"counties","embeddable":true,"href":"https:\/\/iporto.amp.pt\/en\/wp-json\/wp\/v2\/counties?post=74615"}],"curies":[{"name":"wp","href":"https:\/\/api.w.org\/{rel}","templated":true}]}}