{"id":223177,"date":"2024-01-29T11:03:00","date_gmt":"2024-01-29T11:03:00","guid":{"rendered":"https:\/\/iporto.amp.pt\/?post_type=equipment&#038;p=223177"},"modified":"2024-01-30T16:20:08","modified_gmt":"2024-01-30T16:20:08","slug":"casa-de-jose-regio","status":"publish","type":"equipment","link":"https:\/\/iporto.amp.pt\/es\/equipamentos\/casa-de-jose-regio\/","title":{"rendered":"Casa de Jos\u00e9 R\u00e9gio"},"content":{"rendered":"<p>La Casa Jos\u00e9 R\u00e9gio no es un museu de base, sino la residencia que el poeta eligi\u00f3 para vivir tras su jubilaci\u00f3n, reflejando los deseos del poeta en la forma en que todos los objetos est\u00e1n dispuestos en los diferentes espacios.<\/p>\n","protected":false},"featured_media":222869,"template":"","counties":[55],"yoast_head":"<!-- This site is optimized with the Yoast SEO plugin v24.1 - https:\/\/yoast.com\/wordpress\/plugins\/seo\/ -->\n<title>Casa de Jos\u00e9 R\u00e9gio - iPorto<\/title>\n<meta name=\"robots\" content=\"index, follow, max-snippet:-1, max-image-preview:large, max-video-preview:-1\" \/>\n<link rel=\"canonical\" href=\"https:\/\/iporto.amp.pt\/es\/equipamentos\/casa-de-jose-regio\/\" \/>\n<meta property=\"og:locale\" content=\"es_ES\" \/>\n<meta property=\"og:type\" content=\"article\" \/>\n<meta property=\"og:title\" content=\"Casa de Jos\u00e9 R\u00e9gio - iPorto\" \/>\n<meta property=\"og:description\" content=\"La Casa Jos\u00e9 R\u00e9gio no es un museu de base, sino la residencia que el poeta eligi\u00f3 para vivir tras su jubilaci\u00f3n, reflejando los deseos del poeta en la forma en que todos los objetos est\u00e1n dispuestos en los diferentes espacios.\" \/>\n<meta property=\"og:url\" content=\"https:\/\/iporto.amp.pt\/es\/equipamentos\/casa-de-jose-regio\/\" \/>\n<meta property=\"og:site_name\" content=\"iPorto\" \/>\n<meta property=\"article:modified_time\" content=\"2024-01-30T16:20:08+00:00\" \/>\n<meta property=\"og:image\" content=\"https:\/\/iporto.amp.pt\/content\/uploads\/2024\/01\/19095_amvc_casajoseregio2007_1_1024_2500.jpg\" \/>\n\t<meta property=\"og:image:width\" content=\"1024\" \/>\n\t<meta property=\"og:image:height\" content=\"788\" \/>\n\t<meta property=\"og:image:type\" content=\"image\/jpeg\" \/>\n<meta name=\"twitter:card\" content=\"summary_large_image\" \/>\n<script type=\"application\/ld+json\" class=\"yoast-schema-graph\">{\"@context\":\"https:\/\/schema.org\",\"@graph\":[{\"@type\":\"WebPage\",\"@id\":\"https:\/\/iporto.amp.pt\/es\/equipamentos\/casa-de-jose-regio\/\",\"url\":\"https:\/\/iporto.amp.pt\/es\/equipamentos\/casa-de-jose-regio\/\",\"name\":\"Casa de Jos\u00e9 R\u00e9gio - iPorto\",\"isPartOf\":{\"@id\":\"https:\/\/iporto.amp.pt\/es\/#website\"},\"primaryImageOfPage\":{\"@id\":\"https:\/\/iporto.amp.pt\/es\/equipamentos\/casa-de-jose-regio\/#primaryimage\"},\"image\":{\"@id\":\"https:\/\/iporto.amp.pt\/es\/equipamentos\/casa-de-jose-regio\/#primaryimage\"},\"thumbnailUrl\":\"\/content\/uploads\/2024\/01\/19095_amvc_casajoseregio2007_1_1024_2500.jpg\",\"datePublished\":\"2024-01-29T11:03:00+00:00\",\"dateModified\":\"2024-01-30T16:20:08+00:00\",\"breadcrumb\":{\"@id\":\"https:\/\/iporto.amp.pt\/es\/equipamentos\/casa-de-jose-regio\/#breadcrumb\"},\"inLanguage\":\"es\",\"potentialAction\":[{\"@type\":\"ReadAction\",\"target\":[\"https:\/\/iporto.amp.pt\/es\/equipamentos\/casa-de-jose-regio\/\"]}]},{\"@type\":\"ImageObject\",\"inLanguage\":\"es\",\"@id\":\"https:\/\/iporto.amp.pt\/es\/equipamentos\/casa-de-jose-regio\/#primaryimage\",\"url\":\"\/content\/uploads\/2024\/01\/19095_amvc_casajoseregio2007_1_1024_2500.jpg\",\"contentUrl\":\"\/content\/uploads\/2024\/01\/19095_amvc_casajoseregio2007_1_1024_2500.jpg\",\"width\":1024,\"height\":788,\"caption\":\"Casa de Jos\u00e9 R\u00e9gio\"},{\"@type\":\"BreadcrumbList\",\"@id\":\"https:\/\/iporto.amp.pt\/es\/equipamentos\/casa-de-jose-regio\/#breadcrumb\",\"itemListElement\":[{\"@type\":\"ListItem\",\"position\":1,\"name\":\"Home\",\"item\":\"https:\/\/iporto.amp.pt\/es\/\"},{\"@type\":\"ListItem\",\"position\":2,\"name\":\"Casa de Jos\u00e9 R\u00e9gio\"}]},{\"@type\":\"WebSite\",\"@id\":\"https:\/\/iporto.amp.pt\/es\/#website\",\"url\":\"https:\/\/iporto.amp.pt\/es\/\",\"name\":\"iPorto\",\"description\":\"Agenda metropolitana da cultura\",\"publisher\":{\"@id\":\"https:\/\/iporto.amp.pt\/es\/#organization\"},\"potentialAction\":[{\"@type\":\"SearchAction\",\"target\":{\"@type\":\"EntryPoint\",\"urlTemplate\":\"https:\/\/iporto.amp.pt\/es\/?s={search_term_string}\"},\"query-input\":{\"@type\":\"PropertyValueSpecification\",\"valueRequired\":true,\"valueName\":\"search_term_string\"}}],\"inLanguage\":\"es\"},{\"@type\":\"Organization\",\"@id\":\"https:\/\/iporto.amp.pt\/es\/#organization\",\"name\":\"iPorto\",\"url\":\"https:\/\/iporto.amp.pt\/es\/\",\"logo\":{\"@type\":\"ImageObject\",\"inLanguage\":\"es\",\"@id\":\"https:\/\/iporto.amp.pt\/es\/#\/schema\/logo\/image\/\",\"url\":\"\/content\/uploads\/2023\/07\/IPorto-generic-.png\",\"contentUrl\":\"\/content\/uploads\/2023\/07\/IPorto-generic-.png\",\"width\":1000,\"height\":629,\"caption\":\"iPorto\"},\"image\":{\"@id\":\"https:\/\/iporto.amp.pt\/es\/#\/schema\/logo\/image\/\"}}]}<\/script>\n<!-- \/ Yoast SEO plugin. -->","yoast_head_json":{"title":"Casa de Jos\u00e9 R\u00e9gio - iPorto","robots":{"index":"index","follow":"follow","max-snippet":"max-snippet:-1","max-image-preview":"max-image-preview:large","max-video-preview":"max-video-preview:-1"},"canonical":"https:\/\/iporto.amp.pt\/es\/equipamentos\/casa-de-jose-regio\/","og_locale":"es_ES","og_type":"article","og_title":"Casa de Jos\u00e9 R\u00e9gio - iPorto","og_description":"La Casa Jos\u00e9 R\u00e9gio no es un museu de base, sino la residencia que el poeta eligi\u00f3 para vivir tras su jubilaci\u00f3n, reflejando los deseos del poeta en la forma en que todos los objetos est\u00e1n dispuestos en los diferentes espacios.","og_url":"https:\/\/iporto.amp.pt\/es\/equipamentos\/casa-de-jose-regio\/","og_site_name":"iPorto","article_modified_time":"2024-01-30T16:20:08+00:00","og_image":[{"width":1024,"height":788,"url":"https:\/\/iporto.amp.pt\/content\/uploads\/2024\/01\/19095_amvc_casajoseregio2007_1_1024_2500.jpg","type":"image\/jpeg"}],"twitter_card":"summary_large_image","schema":{"@context":"https:\/\/schema.org","@graph":[{"@type":"WebPage","@id":"https:\/\/iporto.amp.pt\/es\/equipamentos\/casa-de-jose-regio\/","url":"https:\/\/iporto.amp.pt\/es\/equipamentos\/casa-de-jose-regio\/","name":"Casa de Jos\u00e9 R\u00e9gio - iPorto","isPartOf":{"@id":"https:\/\/iporto.amp.pt\/es\/#website"},"primaryImageOfPage":{"@id":"https:\/\/iporto.amp.pt\/es\/equipamentos\/casa-de-jose-regio\/#primaryimage"},"image":{"@id":"https:\/\/iporto.amp.pt\/es\/equipamentos\/casa-de-jose-regio\/#primaryimage"},"thumbnailUrl":"\/content\/uploads\/2024\/01\/19095_amvc_casajoseregio2007_1_1024_2500.jpg","datePublished":"2024-01-29T11:03:00+00:00","dateModified":"2024-01-30T16:20:08+00:00","breadcrumb":{"@id":"https:\/\/iporto.amp.pt\/es\/equipamentos\/casa-de-jose-regio\/#breadcrumb"},"inLanguage":"es","potentialAction":[{"@type":"ReadAction","target":["https:\/\/iporto.amp.pt\/es\/equipamentos\/casa-de-jose-regio\/"]}]},{"@type":"ImageObject","inLanguage":"es","@id":"https:\/\/iporto.amp.pt\/es\/equipamentos\/casa-de-jose-regio\/#primaryimage","url":"\/content\/uploads\/2024\/01\/19095_amvc_casajoseregio2007_1_1024_2500.jpg","contentUrl":"\/content\/uploads\/2024\/01\/19095_amvc_casajoseregio2007_1_1024_2500.jpg","width":1024,"height":788,"caption":"Casa de Jos\u00e9 R\u00e9gio"},{"@type":"BreadcrumbList","@id":"https:\/\/iporto.amp.pt\/es\/equipamentos\/casa-de-jose-regio\/#breadcrumb","itemListElement":[{"@type":"ListItem","position":1,"name":"Home","item":"https:\/\/iporto.amp.pt\/es\/"},{"@type":"ListItem","position":2,"name":"Casa de Jos\u00e9 R\u00e9gio"}]},{"@type":"WebSite","@id":"https:\/\/iporto.amp.pt\/es\/#website","url":"https:\/\/iporto.amp.pt\/es\/","name":"iPorto","description":"Agenda metropolitana da cultura","publisher":{"@id":"https:\/\/iporto.amp.pt\/es\/#organization"},"potentialAction":[{"@type":"SearchAction","target":{"@type":"EntryPoint","urlTemplate":"https:\/\/iporto.amp.pt\/es\/?s={search_term_string}"},"query-input":{"@type":"PropertyValueSpecification","valueRequired":true,"valueName":"search_term_string"}}],"inLanguage":"es"},{"@type":"Organization","@id":"https:\/\/iporto.amp.pt\/es\/#organization","name":"iPorto","url":"https:\/\/iporto.amp.pt\/es\/","logo":{"@type":"ImageObject","inLanguage":"es","@id":"https:\/\/iporto.amp.pt\/es\/#\/schema\/logo\/image\/","url":"\/content\/uploads\/2023\/07\/IPorto-generic-.png","contentUrl":"\/content\/uploads\/2023\/07\/IPorto-generic-.png","width":1000,"height":629,"caption":"iPorto"},"image":{"@id":"https:\/\/iporto.amp.pt\/es\/#\/schema\/logo\/image\/"}}]}},"_links":{"self":[{"href":"https:\/\/iporto.amp.pt\/es\/wp-json\/wp\/v2\/equipment\/223177"}],"collection":[{"href":"https:\/\/iporto.amp.pt\/es\/wp-json\/wp\/v2\/equipment"}],"about":[{"href":"https:\/\/iporto.amp.pt\/es\/wp-json\/wp\/v2\/types\/equipment"}],"version-history":[{"count":1,"href":"https:\/\/iporto.amp.pt\/es\/wp-json\/wp\/v2\/equipment\/223177\/revisions"}],"predecessor-version":[{"id":223179,"href":"https:\/\/iporto.amp.pt\/es\/wp-json\/wp\/v2\/equipment\/223177\/revisions\/223179"}],"wp:featuredmedia":[{"embeddable":true,"href":"https:\/\/iporto.amp.pt\/es\/wp-json\/wp\/v2\/media\/222869"}],"wp:attachment":[{"href":"https:\/\/iporto.amp.pt\/es\/wp-json\/wp\/v2\/media?parent=223177"}],"wp:term":[{"taxonomy":"counties","embeddable":true,"href":"https:\/\/iporto.amp.pt\/es\/wp-json\/wp\/v2\/counties?post=223177"}],"curies":[{"name":"wp","href":"https:\/\/api.w.org\/{rel}","templated":true}]}}